{"id":4025,"date":"2020-03-06T19:09:37","date_gmt":"2020-03-06T18:09:37","guid":{"rendered":"http:\/\/boklima.de\/?page_id=4025"},"modified":"2021-02-02T13:03:44","modified_gmt":"2021-02-02T12:03:44","slug":"aktuell-2","status":"publish","type":"page","link":"https:\/\/boklima.de\/?page_id=4025","title":{"rendered":"Offenen Brief zum &#8216;Haus des Wissens&#8217; (1. KNB) ; Reaktionen"},"content":{"rendered":"\n<h2 class=\"wp-block-heading\"><span class=\"ez-toc-section\" id=\"1_KNB_%E2%80%93_160220_Offener_Brief_zum_%E2%80%98Haus_des_Wissens\"><\/span>1. KNB &#8211; (16.02.20) Offener Brief zum &#8216;Haus des Wissens&#8217;<span class=\"ez-toc-section-end\"><\/span><\/h2>\n\n\n\n<div class=\"wp-block-algori-pdf-viewer-block-algori-pdf-viewer\"><iframe class=\"wp-block-algori-pdf-viewer-block-algori-pdf-viewer-iframe\" src=\"https:\/\/boklima.de\/wp-content\/plugins\/algori-pdf-viewer\/dist\/web\/viewer.html?file=https%3A%2F%2Fboklima.de%2Fwp-content%2Fuploads%2F2021%2F02%2F200216-knb-01-hausdeswissens-offenerbrief-01-v-2020-02-16.pdf\" style=\"width:600px;height:700px\"><\/iframe><\/div>\n\n\n\n<p> <\/p>\n\n\n\n<hr class=\"wp-block-separator\"\/>\n\n\n\n<h2 class=\"wp-block-heading\"><span class=\"ez-toc-section\" id=\"Reaktionen_Verlauf\"><\/span>Reaktionen ; Verlauf<span class=\"ez-toc-section-end\"><\/span><\/h2>\n\n\n\n<p>  <\/p>\n\n\n\n<p>Hier werden alle aktuellen \u00f6ffentlichen (Blog-) Beitr\u00e4ge im Zusammenhang  mit dem <strong>Offenen Brief zum &#8216;<em>Haus des Wissens<\/em>&#8216; <\/strong>aufgef\u00fchrt (neueste zuerst) :<\/p>\n\n\n\n<p>    <\/p>\n\n\n<div class=\"pt-cv-wrapper\"><div class=\"pt-cv-view pt-cv-grid pt-cv-colsys\" id=\"pt-cv-view-4f32314en2\"><div data-id=\"pt-cv-page-1\" class=\"pt-cv-page\" data-cvc=\"3\"><div class=\"col-md-4 col-sm-6 col-xs-12 pt-cv-content-item pt-cv-1-col\" ><div class='pt-cv-ifield'><a href=\"https:\/\/boklima.de\/?p=8539\" class=\"_self pt-cv-href-thumbnail pt-cv-thumb-default\" target=\"_self\" ><\/a>\n<h6 class=\"pt-cv-title\"><a href=\"https:\/\/boklima.de\/?p=8539\" class=\"_self\" target=\"_self\" >Leserbrief zu : Haus des Wissens: Ben\u00f6tigt Bochums \u2018Leuchtturm\u2019 neuen Namen<\/a><\/h6>\n<div class=\"pt-cv-content\">Verschickt: So, 13. Jun. 2021 13:01Betreff: Leserbrief Haus des WissensHallo ich bitte um Ver\u00f6ffentlichung.Leserbrief zu WAZ+ vom 10.06.21: Haus des Wissens: Ben\u00f6tigt Bochums \u2018Leuchtturm\u2019 neuen Namen Kennen Herr Sporer und ...<br \/><div class=\"pt-cv-rmwrap\"><a href=\"https:\/\/boklima.de\/?p=8539\" class=\"_self pt-cv-readmore btn btn-success\" target=\"_self\">Weiterlesen \u2026<\/a><\/div><\/div><\/div><\/div>\n<div class=\"col-md-4 col-sm-6 col-xs-12 pt-cv-content-item pt-cv-1-col\" ><div class='pt-cv-ifield'><a href=\"https:\/\/boklima.de\/?p=4634\" class=\"_self pt-cv-href-thumbnail pt-cv-thumb-default\" target=\"_self\" ><\/a>\n<h6 class=\"pt-cv-title\"><a href=\"https:\/\/boklima.de\/?p=4634\" class=\"_self\" target=\"_self\" >WAZ Gr\u00fcnes Licht f\u00fcr Markthalle (03.05.20)<\/a><\/h6>\n<div class=\"pt-cv-content\">Waz - Artikel 03.05.20 Gr\u00fcnes Licht f\u00fcr Markthalle ...<br \/><div class=\"pt-cv-rmwrap\"><a href=\"https:\/\/boklima.de\/?p=4634\" class=\"_self pt-cv-readmore btn btn-success\" target=\"_self\">Weiterlesen \u2026<\/a><\/div><\/div><\/div><\/div>\n<div class=\"col-md-4 col-sm-6 col-xs-12 pt-cv-content-item pt-cv-1-col\" ><div class='pt-cv-ifield'><a href=\"https:\/\/boklima.de\/?p=4609\" class=\"_self pt-cv-href-thumbnail pt-cv-thumb-default\" target=\"_self\" ><\/a>\n<h6 class=\"pt-cv-title\"><a href=\"https:\/\/boklima.de\/?p=4609\" class=\"_self\" target=\"_self\" >LinksFraktion zur Markthalle (30.04)<\/a><\/h6>\n<div class=\"pt-cv-content\">Im Newsletter der LinksFraktion gibt es ein Stellungnahme \/ Antrag zur Markthalle : Auf Abstimmung bestand die Ratsmehrheit auch beim Betriebskonzept f\u00fcr die Markthalle, die in einigen Jahren im Telekom-Block ...<br \/><div class=\"pt-cv-rmwrap\"><a href=\"https:\/\/boklima.de\/?p=4609\" class=\"_self pt-cv-readmore btn btn-success\" target=\"_self\">Weiterlesen \u2026<\/a><\/div><\/div><\/div><\/div>\n<div class=\"col-md-4 col-sm-6 col-xs-12 pt-cv-content-item pt-cv-1-col\" ><div class='pt-cv-ifield'><a href=\"https:\/\/boklima.de\/?p=4504\" class=\"_self pt-cv-href-thumbnail pt-cv-thumb-default\" target=\"_self\" ><\/a>\n<h6 class=\"pt-cv-title\"><a href=\"https:\/\/boklima.de\/?p=4504\" class=\"_self\" target=\"_self\" >Antwort von Frau Freis zu &#8216;Offener Klimanotstandsbrief zum Haus des Wissen&#8217; (25.04.20)<\/a><\/h6>\n<div class=\"pt-cv-content\">Sehr geehrte Herr Franke,anbei sende ich Ihnen unsere Antworen zu den von Ihnen gestellten 10 Fragen zum Thema, ob bei dem Realisierungswettbewerb zum Haus des Wissens nachhaltige Gesichtspunkte ber\u00fccksichtigt wurden ...<br \/><div class=\"pt-cv-rmwrap\"><a href=\"https:\/\/boklima.de\/?p=4504\" class=\"_self pt-cv-readmore btn btn-success\" target=\"_self\">Weiterlesen \u2026<\/a><\/div><\/div><\/div><\/div>\n<div class=\"col-md-4 col-sm-6 col-xs-12 pt-cv-content-item pt-cv-1-col\" ><div class='pt-cv-ifield'><a href=\"https:\/\/boklima.de\/?p=4469\" class=\"_self pt-cv-href-thumbnail pt-cv-thumb-default\" target=\"_self\" ><\/a>\n<h6 class=\"pt-cv-title\"><a href=\"https:\/\/boklima.de\/?p=4469\" class=\"_self\" target=\"_self\" >Betriebskonzept f\u00fcr die Markthalle im &#8220;Haus des Wissens&#8221; in Zeiten des Klimawandels<\/a><\/h6>\n<div class=\"pt-cv-content\">Klimanotstandsbrief Ein offener Brief des Bochumer Klimaschutzb\u00fcndnissesan den Oberb\u00fcrgermeister der Stadt Bochumsowie die im Rat vertretenen Parteien zum Betriebskonzept f\u00fcr dieMarkthalle im \"Haus des Wissens\"in Zeiten des Klimawandels Sehr geehrter ...<br \/><div class=\"pt-cv-rmwrap\"><a href=\"https:\/\/boklima.de\/?p=4469\" class=\"_self pt-cv-readmore btn btn-success\" target=\"_self\">Weiterlesen \u2026<\/a><\/div><\/div><\/div><\/div>\n<div class=\"col-md-4 col-sm-6 col-xs-12 pt-cv-content-item pt-cv-1-col\" ><div class='pt-cv-ifield'><a href=\"https:\/\/boklima.de\/?p=4478\" class=\"_self pt-cv-href-thumbnail pt-cv-thumb-default\" target=\"_self\" ><\/a>\n<h6 class=\"pt-cv-title\"><a href=\"https:\/\/boklima.de\/?p=4478\" class=\"_self\" target=\"_self\" >Infos zum Haus des Wissens aus dem RIS<\/a><\/h6>\n<div class=\"pt-cv-content\">20200406_Pr\u00e4sentation_Betriebskonzept_Markthalle_Bochum 921 KB Hierzu siehe dann auch den weiteren Offenen Brief Beschlussvorlage der Verwaltung 400 KBDokumentation des EU-weiten Realisierungswettbewerbs \"Haus des Wissens\" mit Markthalle 9 MB ...<br \/><div class=\"pt-cv-rmwrap\"><a href=\"https:\/\/boklima.de\/?p=4478\" class=\"_self pt-cv-readmore btn btn-success\" target=\"_self\">Weiterlesen \u2026<\/a><\/div><\/div><\/div><\/div>\n<div class=\"col-md-4 col-sm-6 col-xs-12 pt-cv-content-item pt-cv-1-col\" ><div class='pt-cv-ifield'><a href=\"https:\/\/boklima.de\/?p=4323\" class=\"_self pt-cv-href-thumbnail pt-cv-thumb-default\" target=\"_self\" ><\/a>\n<h6 class=\"pt-cv-title\"><a href=\"https:\/\/boklima.de\/?p=4323\" class=\"_self\" target=\"_self\" >HdW: Projektb\u00fcro an BoKlima (03.04.20)<\/a><\/h6>\n<div class=\"pt-cv-content\">Betreff: Antw: Offener Klimanotstandsbrief zum Haus des WissensSehr geehrter Herr Franke, vielen Dank f\u00fcrs Nachhorchen. Der Stand des Vergabeverfahrens l\u00e4sst im Moment viele Antworten noch nicht zu. Vieles wird erst ...<br \/><div class=\"pt-cv-rmwrap\"><a href=\"https:\/\/boklima.de\/?p=4323\" class=\"_self pt-cv-readmore btn btn-success\" target=\"_self\">Weiterlesen \u2026<\/a><\/div><\/div><\/div><\/div>\n<div class=\"col-md-4 col-sm-6 col-xs-12 pt-cv-content-item pt-cv-1-col\" ><div class='pt-cv-ifield'><a href=\"https:\/\/boklima.de\/?p=4319\" class=\"_self pt-cv-href-thumbnail pt-cv-thumb-default\" target=\"_self\" ><\/a>\n<h6 class=\"pt-cv-title\"><a href=\"https:\/\/boklima.de\/?p=4319\" class=\"_self\" target=\"_self\" >HdW: BoKlima an Projektb\u00fcro (02.04.20)<\/a><\/h6>\n<div class=\"pt-cv-content\">Sehr geehrte Frau Dr. Freis, wir kommen zur\u00fcck auf Ihre freundliche Mail vom 27.2.2020 und m\u00f6chten uns heute mit unserem Anliegen nochmals in Erinnerung bringen. Hatten Sie zwischenzeitlich Gelegenheit zu ...<br \/><div class=\"pt-cv-rmwrap\"><a href=\"https:\/\/boklima.de\/?p=4319\" class=\"_self pt-cv-readmore btn btn-success\" target=\"_self\">Weiterlesen \u2026<\/a><\/div><\/div><\/div><\/div>\n<div class=\"col-md-4 col-sm-6 col-xs-12 pt-cv-content-item pt-cv-1-col\" ><div class='pt-cv-ifield'><a href=\"https:\/\/boklima.de\/?p=4043\" class=\"_self pt-cv-href-thumbnail pt-cv-thumb-default\" target=\"_self\" ><\/a>\n<h6 class=\"pt-cv-title\"><a href=\"https:\/\/boklima.de\/?p=4043\" class=\"_self\" target=\"_self\" >HdW: BoKlima an Projektb\u00fcro (03.03.20)<\/a><\/h6>\n<div class=\"pt-cv-content\">Sehr geehrte Frau Dr. Freis, vielen Dank f\u00fcr Ihr freundliches Schreiben! Dass die von uns angesprochenen Sachthemen zum Gro\u00dfteil schon mitgedacht und durchdrungen werden, sogar origin\u00e4rer Bestandteil des Bauvorhabens sein ...<br \/><div class=\"pt-cv-rmwrap\"><a href=\"https:\/\/boklima.de\/?p=4043\" class=\"_self pt-cv-readmore btn btn-success\" target=\"_self\">Weiterlesen \u2026<\/a><\/div><\/div><\/div><\/div>\n<div class=\"col-md-4 col-sm-6 col-xs-12 pt-cv-content-item pt-cv-1-col\" ><div class='pt-cv-ifield'><a href=\"https:\/\/boklima.de\/?p=4041\" class=\"_self pt-cv-href-thumbnail pt-cv-thumb-default\" target=\"_self\" ><\/a>\n<h6 class=\"pt-cv-title\"><a href=\"https:\/\/boklima.de\/?p=4041\" class=\"_self\" target=\"_self\" >Antwort des Projekt-B\u00fcros (27.02.20)<\/a><\/h6>\n<div class=\"pt-cv-content\">Von: ... (Projekt-B\u00fcro Haus des Wissens)An: BoKlimaVerschickt: Do, 27. Feb. 2020 16:20Betreff: Antw: offener Klimanotstandsbrief zum Haus des Wissens Sehr geehrter ... , \u00a0 die Durchdringung sozialer, \u00f6kologischer und \u00f6konomischer ...<br \/><div class=\"pt-cv-rmwrap\"><a href=\"https:\/\/boklima.de\/?p=4041\" class=\"_self pt-cv-readmore btn btn-success\" target=\"_self\">Weiterlesen \u2026<\/a><\/div><\/div><\/div><\/div>\n<div class=\"col-md-4 col-sm-6 col-xs-12 pt-cv-content-item pt-cv-1-col\" ><div class='pt-cv-ifield'><a href=\"https:\/\/boklima.de\/?p=4038\" class=\"_self pt-cv-href-thumbnail pt-cv-thumb-default\" target=\"_self\" ><\/a>\n<h6 class=\"pt-cv-title\"><a href=\"https:\/\/boklima.de\/?p=4038\" class=\"_self\" target=\"_self\" >BoKlima an die Projekt-Beauftrage f\u00fcr das Haus des Wissens (25.02.20)<\/a><\/h6>\n<div class=\"pt-cv-content\">Von : Boklima.deAn : Projekt-Beauftragte f\u00fcr das Haus des WissensDate: 25.02.2020 22.45 Sehr geehrte ..., \u00a0 auf den freundlichen Hinweis unseres Oberb\u00fcrgermeisters wenden wir uns mit unserem\u00a0Anliegen gerne an Sie ...<br \/><div class=\"pt-cv-rmwrap\"><a href=\"https:\/\/boklima.de\/?p=4038\" class=\"_self pt-cv-readmore btn btn-success\" target=\"_self\">Weiterlesen \u2026<\/a><\/div><\/div><\/div><\/div>\n<div class=\"col-md-4 col-sm-6 col-xs-12 pt-cv-content-item pt-cv-1-col\" ><div class='pt-cv-ifield'><a href=\"https:\/\/boklima.de\/?p=4035\" class=\"_self pt-cv-href-thumbnail pt-cv-thumb-default\" target=\"_self\" ><\/a>\n<h6 class=\"pt-cv-title\"><a href=\"https:\/\/boklima.de\/?p=4035\" class=\"_self\" target=\"_self\" >Antwort des OB auf den offenen Brief zum Haus des Wissens &#8211; HdW (18.02.20)<\/a><\/h6>\n<div class=\"pt-cv-content\">Von: Oberbuergermeister &lt;Oberbuergermeister@bochum.de&gt;An: boklima.deVerschickt: Di, 18. Feb. 2020 16:40Betreff: Antw: offener Klimanotstandsbrief zum Haus des WissensSehr geehrter Herr ...vielen Dank f\u00fcr die \u00dcbersendung Ihres Offenen Briefes. Bei einem Offenen Brief ...<br \/><div class=\"pt-cv-rmwrap\"><a href=\"https:\/\/boklima.de\/?p=4035\" class=\"_self pt-cv-readmore btn btn-success\" target=\"_self\">Weiterlesen \u2026<\/a><\/div><\/div><\/div><\/div>\n<div class=\"col-md-4 col-sm-6 col-xs-12 pt-cv-content-item pt-cv-1-col\" ><div class='pt-cv-ifield'><a href=\"https:\/\/boklima.de\/?p=3661\" class=\"_self pt-cv-href-thumbnail pt-cv-thumb-default\" target=\"_self\" ><\/a>\n<h6 class=\"pt-cv-title\"><a href=\"https:\/\/boklima.de\/?p=3661\" class=\"_self\" target=\"_self\" >Bochumer Klimaschutzb\u00fcndnis:    Offener Brief zum HdW       (16.02.2020)<\/a><\/h6>\n<div class=\"pt-cv-content\">Klimanotstandsbrief Ein offener Brief des Bochumer Klimaschutzb\u00fcndnisses an den Oberb\u00fcrgermeister der Stadt Bochum sowie die im Rat vertretenen Parteien Das \u201eHaus des Wissens\u201c in Zeiten des Klimawandels Sehr geehrter Herr ...<br \/><div class=\"pt-cv-rmwrap\"><a href=\"https:\/\/boklima.de\/?p=3661\" class=\"_self pt-cv-readmore btn btn-success\" target=\"_self\">Weiterlesen \u2026<\/a><\/div><\/div><\/div><\/div><\/div><\/div><\/div>\n\n\n\n<hr class=\"wp-block-separator\"\/>\n\n\n<div id=\"ez-toc-container\" class=\"ez-toc-v2_0_82_2 counter-hierarchy ez-toc-counter ez-toc-transparent ez-toc-container-direction\">\n<div class=\"ez-toc-title-container\">\n<p class=\"ez-toc-title\" style=\"cursor:inherit\">Inhalte dieser Seite :<\/p>\n<span class=\"ez-toc-title-toggle\"><a href=\"#\" class=\"ez-toc-pull-right ez-toc-btn ez-toc-btn-xs ez-toc-btn-default ez-toc-toggle\" aria-label=\"Toggle Table of Content\"><span class=\"ez-toc-js-icon-con\"><span class=\"\"><span class=\"eztoc-hide\" style=\"display:none;\">Toggle<\/span><span class=\"ez-toc-icon-toggle-span\"><svg style=\"fill: #999;color:#999\" xmlns=\"http:\/\/www.w3.org\/2000\/svg\" class=\"list-377408\" width=\"20px\" height=\"20px\" viewBox=\"0 0 24 24\" fill=\"none\"><path d=\"M6 6H4v2h2V6zm14 0H8v2h12V6zM4 11h2v2H4v-2zm16 0H8v2h12v-2zM4 16h2v2H4v-2zm16 0H8v2h12v-2z\" fill=\"currentColor\"><\/path><\/svg><svg style=\"fill: #999;color:#999\" class=\"arrow-unsorted-368013\" xmlns=\"http:\/\/www.w3.org\/2000\/svg\" width=\"10px\" height=\"10px\" viewBox=\"0 0 24 24\" version=\"1.2\" baseProfile=\"tiny\"><path d=\"M18.2 9.3l-6.2-6.3-6.2 6.3c-.2.2-.3.4-.3.7s.1.5.3.7c.2.2.4.3.7.3h11c.3 0 .5-.1.7-.3.2-.2.3-.5.3-.7s-.1-.5-.3-.7zM5.8 14.7l6.2 6.3 6.2-6.3c.2-.2.3-.5.3-.7s-.1-.5-.3-.7c-.2-.2-.4-.3-.7-.3h-11c-.3 0-.5.1-.7.3-.2.2-.3.5-.3.7s.1.5.3.7z\"\/><\/svg><\/span><\/span><\/span><\/a><\/span><\/div>\n<nav><ul class='ez-toc-list ez-toc-list-level-1 eztoc-toggle-hide-by-default' ><li class='ez-toc-page-1 ez-toc-heading-level-2'><a class=\"ez-toc-link ez-toc-heading-1\" href=\"https:\/\/boklima.de\/?page_id=4025\/#1_KNB_%E2%80%93_160220_Offener_Brief_zum_%E2%80%98Haus_des_Wissens\" >1. KNB &#8211; (16.02.20) Offener Brief zum &#8216;Haus des Wissens&#8217;<\/a><\/li><li class='ez-toc-page-1 ez-toc-heading-level-2'><a class=\"ez-toc-link ez-toc-heading-2\" href=\"https:\/\/boklima.de\/?page_id=4025\/#Reaktionen_Verlauf\" >Reaktionen ; Verlauf<\/a><\/li><\/ul><\/nav><\/div>\n\n","protected":false},"excerpt":{"rendered":"<p>1. KNB &#8211; (16.02.20) Offener Brief zum &#8216;Haus des Wissens&#8217; Reaktionen ; Verlauf Hier werden alle aktuellen \u00f6ffentlichen (Blog-) Beitr\u00e4ge im Zusammenhang mit dem Offenen Brief zum &#8216;Haus des Wissens&#8216; aufgef\u00fchrt (neueste zuerst) :<\/p>\n","protected":false},"author":8,"featured_media":0,"parent":4353,"menu_order":0,"comment_status":"closed","ping_status":"closed","template":"","meta":{"ngg_post_thumbnail":0,"_mc_calendar":[],"footnotes":""},"class_list":["post-4025","page","type-page","status-publish","hentry"],"rttpg_featured_image_url":null,"rttpg_author":{"display_name":"thomas","author_link":"https:\/\/boklima.de\/?author=8"},"rttpg_comment":0,"rttpg_category":null,"rttpg_excerpt":"1. KNB &#8211; (16.02.20) Offener Brief zum &#8216;Haus des Wissens&#8217; Reaktionen ; Verlauf Hier werden alle aktuellen \u00f6ffentlichen (Blog-) Beitr\u00e4ge im Zusammenhang mit dem Offenen Brief zum &#8216;Haus des Wissens&#8216; aufgef\u00fchrt (neueste zuerst) :","_links":{"self":[{"href":"https:\/\/boklima.de\/index.php?rest_route=\/wp\/v2\/pages\/4025","targetHints":{"allow":["GET"]}}],"collection":[{"href":"https:\/\/boklima.de\/index.php?rest_route=\/wp\/v2\/pages"}],"about":[{"href":"https:\/\/boklima.de\/index.php?rest_route=\/wp\/v2\/types\/page"}],"author":[{"embeddable":true,"href":"https:\/\/boklima.de\/index.php?rest_route=\/wp\/v2\/users\/8"}],"replies":[{"embeddable":true,"href":"https:\/\/boklima.de\/index.php?rest_route=%2Fwp%2Fv2%2Fcomments&post=4025"}],"version-history":[{"count":8,"href":"https:\/\/boklima.de\/index.php?rest_route=\/wp\/v2\/pages\/4025\/revisions"}],"predecessor-version":[{"id":7359,"href":"https:\/\/boklima.de\/index.php?rest_route=\/wp\/v2\/pages\/4025\/revisions\/7359"}],"up":[{"embeddable":true,"href":"https:\/\/boklima.de\/index.php?rest_route=\/wp\/v2\/pages\/4353"}],"wp:attachment":[{"href":"https:\/\/boklima.de\/index.php?rest_route=%2Fwp%2Fv2%2Fmedia&parent=4025"}],"curies":[{"name":"wp","href":"https:\/\/api.w.org\/{rel}","templated":true}]}}